{"id":460,"date":"2018-07-02T10:26:04","date_gmt":"2018-07-02T10:26:04","guid":{"rendered":"https:\/\/hotelkotoni.al\/index.php\/attractions\/"},"modified":"2018-07-03T08:51:30","modified_gmt":"2018-07-03T08:51:30","slug":"attractions","status":"publish","type":"page","link":"https:\/\/hotelkotoni.al\/index.php\/attractions\/?lang=sq","title":{"rendered":"Atraksionet"},"content":{"rendered":"<div class=\"wpb-content-wrapper\"><p>[vc_row][vc_column width=&#8221;1\/2&#8243;][vc_empty_space height=&#8221;4px&#8221;][vc_single_image image=&#8221;249&#8243; img_size=&#8221;full&#8221; alignment=&#8221;center&#8221; image_hovers=&#8221;false&#8221;][\/vc_column][vc_column width=&#8221;1\/2&#8243;][vc_custom_heading text=&#8221;Kalaja e Gjirokastr\u00ebs&#8221; font_container=&#8221;tag:h2|font_size:30px|text_align:left|color:%23383838|line_height:35px&#8221; google_fonts=&#8221;font_family:Playfair%20Display%3Aregular%2Citalic%2C700%2C700italic%2C900%2C900italic|font_style:700%20bold%20regular%3A700%3Anormal&#8221;][vc_separator color=&#8221;custom&#8221; align=&#8221;align_left&#8221; border_width=&#8221;2&#8243; el_width=&#8221;40&#8243; css_animation=&#8221;fadeInRight&#8221; accent_color=&#8221;#ddae24&#8243;][vc_separator color=&#8221;custom&#8221; align=&#8221;align_left&#8221; border_width=&#8221;2&#8243; el_width=&#8221;30&#8243; css_animation=&#8221;fadeInLeft&#8221; accent_color=&#8221;#ddae24&#8243; css=&#8221;.vc_custom_1530525664619{margin-top: -30px !important;}&#8221;][vc_column_text css=&#8221;.vc_custom_1530607596067{margin-top: -10px !important;}&#8221;]<\/p>\n<p style=\"text-align: justify;\">Kalaja e Gjirokastr\u00ebs e vendosur n\u00eb maj\u00eb t\u00eb kodr\u00ebs, njihet si e dyta m\u00eb e madhe n\u00eb t\u00eb gjith\u00eb Ballkanin, dhe tep\u00ebr e mir\u00ebmbajtur. Muzeu i Armatimeve ndodhet n\u00eb k\u00ebshtjell\u00eb (hyrja kushton 200 lek\u00eb) dhe p\u00ebrmban nj\u00eb koleksion arm\u00ebsh, fotografi dhe vepra arti kryesisht t\u00eb Pas- Luft\u00ebs: galeria kryesore, me korridorin e saj t\u00eb \u00e7uditsh\u00ebm, p\u00ebrmban dy shtylla me arm\u00eb t\u00eb m\u00ebdha gjermane dhe italiane , mbetje t\u00eb Luft\u00ebs s\u00eb Dyt\u00eb Bot\u00ebrore. Kalaja gjithashtu p\u00ebrmban dy teqe bektashiane, nj\u00eb sken\u00eb p\u00ebr Festivalin Komb\u00ebtar Folklorik t\u00eb Gjirokastr\u00ebs, nj\u00eb burg (tani pjes\u00eb e Muzeut t\u00eb Armatimeve dhe n\u00eb dispozicion me nj\u00eb pages\u00eb shtes\u00eb) dhe dhoma t\u00eb shumta, disa n\u00ebn g\u00ebrmadha, t\u00eb hapura p\u00ebr eksplorim. Nj\u00eb galeri e dyt\u00eb e muzeut, Galeria Zenebishi, p\u00ebrmban ekspozita t\u00eb artit t\u00eb lir\u00eb. N\u00ebn k\u00ebshtjell\u00ebn \u00ebsht\u00eb bunkeri n\u00ebntok\u00ebsor i zbuluar koh\u00ebt e fundit, i nd\u00ebrtuar n\u00eb Luft\u00ebn e Ftoht\u00eb.<\/p>\n<p>[\/vc_column_text][\/vc_column][\/vc_row][vc_row][vc_column][vc_empty_space height=&#8221;10px&#8221;][\/vc_column][\/vc_row][vc_row][vc_column width=&#8221;1\/2&#8243;][vc_custom_heading text=&#8221;Pazari i Vjet\u00ebr&#8221; font_container=&#8221;tag:h2|font_size:30px|text_align:left|color:%23383838|line_height:35px&#8221; google_fonts=&#8221;font_family:Playfair%20Display%3Aregular%2Citalic%2C700%2C700italic%2C900%2C900italic|font_style:700%20bold%20regular%3A700%3Anormal&#8221;][vc_separator color=&#8221;custom&#8221; align=&#8221;align_left&#8221; border_width=&#8221;2&#8243; el_width=&#8221;40&#8243; css_animation=&#8221;fadeInRight&#8221; accent_color=&#8221;#ddae24&#8243;][vc_separator color=&#8221;custom&#8221; align=&#8221;align_left&#8221; border_width=&#8221;2&#8243; el_width=&#8221;30&#8243; css_animation=&#8221;fadeInLeft&#8221; accent_color=&#8221;#ddae24&#8243; css=&#8221;.vc_custom_1530525664619{margin-top: -30px !important;}&#8221;][vc_column_text css=&#8221;.vc_custom_1530607760688{margin-top: -10px !important;}&#8221;]<\/p>\n<p style=\"text-align: justify;\">Pazari i vjet\u00ebr \u00ebsht\u00eb ende qendra sociale dhe tregtare e Qytetit t\u00eb Vjet\u00ebr t\u00eb Gjirokastr\u00ebs. Megjith\u00ebse rrug\u00ebt m\u00eb t\u00eb reja t\u00eb qytetit kan\u00eb t\u00ebrhequr shum\u00eb biznese dhe njer\u00ebz, pazari dhe sht\u00ebpit\u00eb e tij p\u00ebrreth q\u00eb datojn\u00eb nga shek. 18, 19 dhe n\u00eb fillim t\u00eb shekullit t\u00eb 20-t\u00eb ende arrijn\u00eb t\u00eb kapin nj\u00eb pjes\u00eb t\u00eb epok\u00ebs s\u00eb vjet\u00ebr t\u00eb jet\u00ebs s\u00eb Gjirokastr\u00ebs. Disa nga sht\u00ebpit\u00eb jan\u00eb n\u00eb nivele t\u00eb ndryshme t\u00eb restaurimit dhe jan\u00eb t\u00eb hapura p\u00ebr publikun. Sht\u00ebpit\u00eb tradicionale p\u00ebrfshijn\u00eb Sht\u00ebpin\u00eb e Cabej, Sht\u00ebpin\u00eb e Kadares\u00eb, Sht\u00ebpin\u00eb e Topullit dhe Sht\u00ebpin\u00eb e Skendulit. Pazari vet\u00eb ka p\u00ebsuar koh\u00ebt e fundit nj\u00eb restaurim fasade dhe pastrimi p\u00ebr t\u00eb ruajtur vlerat kulturore dhe historike q\u00eb ajo mban.<\/p>\n<p>[\/vc_column_text][\/vc_column][vc_column width=&#8221;1\/2&#8243;][vc_empty_space height=&#8221;4px&#8221;][vc_single_image image=&#8221;258&#8243; img_size=&#8221;full&#8221; alignment=&#8221;center&#8221; image_hovers=&#8221;false&#8221;][\/vc_column][\/vc_row][vc_row][vc_column][vc_empty_space height=&#8221;10px&#8221;][\/vc_column][\/vc_row][vc_row][vc_column width=&#8221;1\/2&#8243;][vc_empty_space height=&#8221;4px&#8221;][vc_single_image image=&#8221;263&#8243; img_size=&#8221;full&#8221; alignment=&#8221;center&#8221; image_hovers=&#8221;false&#8221;][\/vc_column][vc_column width=&#8221;1\/2&#8243;][vc_custom_heading text=&#8221;Muzeu Etnografik&#8221; font_container=&#8221;tag:h2|font_size:30px|text_align:left|color:%23383838|line_height:35px&#8221; google_fonts=&#8221;font_family:Playfair%20Display%3Aregular%2Citalic%2C700%2C700italic%2C900%2C900italic|font_style:700%20bold%20regular%3A700%3Anormal&#8221;][vc_separator color=&#8221;custom&#8221; align=&#8221;align_left&#8221; border_width=&#8221;2&#8243; el_width=&#8221;40&#8243; css_animation=&#8221;fadeInRight&#8221; accent_color=&#8221;#ddae24&#8243;][vc_separator color=&#8221;custom&#8221; align=&#8221;align_left&#8221; border_width=&#8221;2&#8243; el_width=&#8221;30&#8243; css_animation=&#8221;fadeInLeft&#8221; accent_color=&#8221;#ddae24&#8243; css=&#8221;.vc_custom_1530525664619{margin-top: -30px !important;}&#8221;][vc_column_text css=&#8221;.vc_custom_1530607887472{margin-top: -10px !important;}&#8221;]<\/p>\n<p style=\"text-align: justify;\">Muzeu etnografik ndodhet n\u00eb lagjen Palorto, i cili \u00ebsht\u00eb distrikti i ruajtur m\u00eb mir\u00eb n\u00eb qytetin e vjet\u00ebr t\u00eb Gjirokastr\u00ebs. Nd\u00ebrtesa e muzeut u nd\u00ebrtua n\u00eb vitin 1966 pasi sht\u00ebpia origjinale u shkat\u00ebrrua nga zjarri. Nga viti 1966 deri n\u00eb vitin 1991 nd\u00ebrtesa sh\u00ebrbeu si Muze Antifashist. N\u00eb 1991 ekspozitat nga Muzeu Etnografik i m\u00ebparsh\u00ebm u zhvendos\u00ebn n\u00eb k\u00ebt\u00eb hap\u00ebsir\u00eb. Sht\u00ebpia ka kat\u00ebr kate, t\u00eb gjitha t\u00eb hapura p\u00ebr publikun. Dhomat jan\u00eb t\u00eb rregulluara si\u00e7 kan\u00eb qen\u00eb p\u00ebrdorur n\u00eb t\u00eb v\u00ebrtet\u00eb dhe jan\u00eb zbukuruar me sende sht\u00ebpiake t\u00eb shumta, me kostume folklorike dhe artefakte kulturore tipike t\u00eb nj\u00eb familjeje t\u00eb pasur tregtare t\u00eb Gjirokastr\u00ebs ose administrator\u00ebve otoman\u00eb q\u00eb jetonin n\u00eb shekullin e 19-t\u00eb.<\/p>\n<p>[\/vc_column_text][\/vc_column][\/vc_row]<\/p>\n<\/div>","protected":false},"excerpt":{"rendered":"<p>[vc_row][vc_column width=&#8221;1\/2&#8243;][vc_empty_space height=&#8221;4px&#8221;][vc_single_image image=&#8221;249&#8243; img_size=&#8221;full&#8221; alignment=&#8221;center&#8221; image_hovers=&#8221;false&#8221;][\/vc_column][vc_column width=&#8221;1\/2&#8243;][vc_custom_heading text=&#8221;Kalaja e Gjirokastr\u00ebs&#8221; font_container=&#8221;tag:h2|font_size:30px|text_align:left|color:%23383838|line_height:35px&#8221; google_fonts=&#8221;font_family:Playfair%20Display%3Aregular%2Citalic%2C700%2C700italic%2C900%2C900italic|font_style:700%20bold%20regular%3A700%3Anormal&#8221;][vc_separator color=&#8221;custom&#8221; align=&#8221;align_left&#8221; border_width=&#8221;2&#8243; el_width=&#8221;40&#8243; css_animation=&#8221;fadeInRight&#8221; accent_color=&#8221;#ddae24&#8243;][vc_separator color=&#8221;custom&#8221; align=&#8221;align_left&#8221; border_width=&#8221;2&#8243; el_width=&#8221;30&#8243; css_animation=&#8221;fadeInLeft&#8221; accent_color=&#8221;#ddae24&#8243; css=&#8221;.vc_custom_1530525664619{margin-top: -30px !important;}&#8221;][vc_column_text css=&#8221;.vc_custom_1530607596067{margin-top: -10px !important;}&#8221;] Kalaja e Gjirokastr\u00ebs e vendosur n\u00eb maj\u00eb t\u00eb kodr\u00ebs, njihet si e dyta m\u00eb e madhe n\u00eb t\u00eb gjith\u00eb Ballkanin, dhe tep\u00ebr e mir\u00ebmbajtur.&hellip;<\/p>\n","protected":false},"author":2,"featured_media":0,"parent":0,"menu_order":0,"comment_status":"closed","ping_status":"closed","template":"","meta":{"footnotes":""},"class_list":["post-460","page","type-page","status-publish","hentry","description-off"],"_links":{"self":[{"href":"https:\/\/hotelkotoni.al\/index.php\/wp-json\/wp\/v2\/pages\/460","targetHints":{"allow":["GET"]}}],"collection":[{"href":"https:\/\/hotelkotoni.al\/index.php\/wp-json\/wp\/v2\/pages"}],"about":[{"href":"https:\/\/hotelkotoni.al\/index.php\/wp-json\/wp\/v2\/types\/page"}],"author":[{"embeddable":true,"href":"https:\/\/hotelkotoni.al\/index.php\/wp-json\/wp\/v2\/users\/2"}],"replies":[{"embeddable":true,"href":"https:\/\/hotelkotoni.al\/index.php\/wp-json\/wp\/v2\/comments?post=460"}],"version-history":[{"count":2,"href":"https:\/\/hotelkotoni.al\/index.php\/wp-json\/wp\/v2\/pages\/460\/revisions"}],"predecessor-version":[{"id":462,"href":"https:\/\/hotelkotoni.al\/index.php\/wp-json\/wp\/v2\/pages\/460\/revisions\/462"}],"wp:attachment":[{"href":"https:\/\/hotelkotoni.al\/index.php\/wp-json\/wp\/v2\/media?parent=460"}],"curies":[{"name":"wp","href":"https:\/\/api.w.org\/{rel}","templated":true}]}}